{"id":2284,"date":"2022-10-21T15:55:18","date_gmt":"2022-10-21T15:55:18","guid":{"rendered":"https:\/\/www.esteticamya.it\/stg120326\/?page_id=2284"},"modified":"2026-03-17T15:02:33","modified_gmt":"2026-03-17T14:02:33","slug":"trattamento-viso","status":"publish","type":"page","link":"https:\/\/www.esteticamya.it\/stg120326\/trattamento-viso\/","title":{"rendered":"Trattamento Viso a San Mauro Torinese | Centro Estetico Mya"},"content":{"rendered":"\t\t<div data-elementor-type=\"wp-page\" data-elementor-id=\"2284\" class=\"elementor elementor-2284\">\n\t\t\t\t<div class=\"elementor-element elementor-element-0afdb4f e-flex e-con-boxed e-con e-parent\" data-id=\"0afdb4f\" data-element_type=\"container\" data-e-type=\"container\">\n\t\t\t\t\t<div class=\"e-con-inner\">\n\t\t\t\t<div class=\"elementor-element elementor-element-ca7682b elementor-widget elementor-widget-heading\" data-id=\"ca7682b\" data-element_type=\"widget\" data-e-type=\"widget\" data-widget_type=\"heading.default\">\n\t\t\t\t<div class=\"elementor-widget-container\">\n\t\t\t\t\t<h1 class=\"elementor-heading-title elementor-size-xxl\">Trattamenti Viso<\/h1>\t\t\t\t<\/div>\n\t\t\t\t<\/div>\n\t\t\t\t\t<\/div>\n\t\t\t\t<\/div>\n\t\t<div class=\"elementor-element elementor-element-a2d7e8f e-flex e-con-boxed e-con e-parent\" data-id=\"a2d7e8f\" data-element_type=\"container\" data-e-type=\"container\">\n\t\t\t\t\t<div class=\"e-con-inner\">\n\t\t<div class=\"elementor-element elementor-element-b4e1874 e-con-full e-flex e-con e-child\" data-id=\"b4e1874\" data-element_type=\"container\" data-e-type=\"container\">\n\t\t\t\t<div class=\"elementor-element elementor-element-89725cf elementor-widget elementor-widget-image\" data-id=\"89725cf\" data-element_type=\"widget\" data-e-type=\"widget\" data-widget_type=\"image.default\">\n\t\t\t\t<div class=\"elementor-widget-container\">\n\t\t\t\t\t\t\t\t\t\t\t\t\t\t\t<img fetchpriority=\"high\" decoding=\"async\" width=\"1024\" height=\"689\" src=\"https:\/\/www.esteticamya.it\/stg120326\/wp-content\/uploads\/2020\/04\/trattamento_viso_esteticamya_1-1-1024x689.jpg\" class=\"attachment-large size-large wp-image-579\" alt=\"trattamento viso\" srcset=\"https:\/\/www.esteticamya.it\/stg120326\/wp-content\/uploads\/2020\/04\/trattamento_viso_esteticamya_1-1-1024x689.jpg 1024w, https:\/\/www.esteticamya.it\/stg120326\/wp-content\/uploads\/2020\/04\/trattamento_viso_esteticamya_1-1-e1674375170395-300x202.jpg 300w, https:\/\/www.esteticamya.it\/stg120326\/wp-content\/uploads\/2020\/04\/trattamento_viso_esteticamya_1-1-e1674375170395-768x517.jpg 768w, https:\/\/www.esteticamya.it\/stg120326\/wp-content\/uploads\/2020\/04\/trattamento_viso_esteticamya_1-1-e1674375170395.jpg 800w\" sizes=\"(max-width: 1024px) 100vw, 1024px\" \/>\t\t\t\t\t\t\t\t\t\t\t\t\t\t\t<\/div>\n\t\t\t\t<\/div>\n\t\t\t\t<div class=\"elementor-element elementor-element-bb37a8d elementor-widget elementor-widget-heading\" data-id=\"bb37a8d\" data-element_type=\"widget\" data-e-type=\"widget\" data-widget_type=\"heading.default\">\n\t\t\t\t<div class=\"elementor-widget-container\">\n\t\t\t\t\t<h2 class=\"elementor-heading-title elementor-size-default\">Pulizia Viso<\/h2>\t\t\t\t<\/div>\n\t\t\t\t<\/div>\n\t\t\t\t<div class=\"elementor-element elementor-element-f36ed34 elementor-widget elementor-widget-text-editor\" data-id=\"f36ed34\" data-element_type=\"widget\" data-e-type=\"widget\" data-widget_type=\"text-editor.default\">\n\t\t\t\t<div class=\"elementor-widget-container\">\n\t\t\t\t\t\t\t\t\t<p>La pulizia viso mira a pulire accuratamente la pelle, a rimuovere punti neri e a favorire il ricambio cellulare in modo da ossigenare la pelle.<\/p>\t\t\t\t\t\t\t\t<\/div>\n\t\t\t\t<\/div>\n\t\t\t\t<div class=\"elementor-element elementor-element-8a6d6fe elementor-hidden-desktop elementor-hidden-tablet elementor-widget-divider--view-line elementor-widget elementor-widget-divider\" data-id=\"8a6d6fe\" data-element_type=\"widget\" data-e-type=\"widget\" data-widget_type=\"divider.default\">\n\t\t\t\t<div class=\"elementor-widget-container\">\n\t\t\t\t\t\t\t<div class=\"elementor-divider\">\n\t\t\t<span class=\"elementor-divider-separator\">\n\t\t\t\t\t\t<\/span>\n\t\t<\/div>\n\t\t\t\t\t\t<\/div>\n\t\t\t\t<\/div>\n\t\t\t\t<\/div>\n\t\t<div class=\"elementor-element elementor-element-35bccb5 e-con-full e-flex e-con e-child\" data-id=\"35bccb5\" data-element_type=\"container\" data-e-type=\"container\">\n\t\t\t\t<div class=\"elementor-element elementor-element-b5c1a5b elementor-widget elementor-widget-heading\" data-id=\"b5c1a5b\" data-element_type=\"widget\" data-e-type=\"widget\" data-widget_type=\"heading.default\">\n\t\t\t\t<div class=\"elementor-widget-container\">\n\t\t\t\t\t<h2 class=\"elementor-heading-title elementor-size-default\">Trattamenti specifici <\/h2>\t\t\t\t<\/div>\n\t\t\t\t<\/div>\n\t\t\t\t<div class=\"elementor-element elementor-element-d8a2e01 elementor-widget elementor-widget-image\" data-id=\"d8a2e01\" data-element_type=\"widget\" data-e-type=\"widget\" data-widget_type=\"image.default\">\n\t\t\t\t<div class=\"elementor-widget-container\">\n\t\t\t\t\t\t\t\t\t\t\t\t\t\t\t<img decoding=\"async\" width=\"640\" height=\"555\" src=\"https:\/\/www.esteticamya.it\/stg120326\/wp-content\/uploads\/2022\/09\/17_Services_SpaBeauty-BeautyServices_3.jpg\" class=\"attachment-large size-large wp-image-1240\" alt=\"trattamento viso estetica mya\" srcset=\"https:\/\/www.esteticamya.it\/stg120326\/wp-content\/uploads\/2022\/09\/17_Services_SpaBeauty-BeautyServices_3.jpg 640w, https:\/\/www.esteticamya.it\/stg120326\/wp-content\/uploads\/2022\/09\/17_Services_SpaBeauty-BeautyServices_3-300x260.jpg 300w\" sizes=\"(max-width: 640px) 100vw, 640px\" \/>\t\t\t\t\t\t\t\t\t\t\t\t\t\t\t<\/div>\n\t\t\t\t<\/div>\n\t\t\t\t<div class=\"elementor-element elementor-element-d03d4fc elementor-widget elementor-widget-text-editor\" data-id=\"d03d4fc\" data-element_type=\"widget\" data-e-type=\"widget\" data-widget_type=\"text-editor.default\">\n\t\t\t\t<div class=\"elementor-widget-container\">\n\t\t\t\t\t\t\t\t\t<p>Trattamenti Viso personalizzati per le varie esigenze.<\/p><ul><li><strong>Pelli sensibili (<\/strong>questo trattamento mira a calmare, decongestionare e schiarire i rossori).<\/li><li><strong>Pelli con macchie cutanee<\/strong><\/li><li><strong>Pelli Impure <\/strong>(trattamento per contrastare l&#8217;aspetto lucido, sopratutto nella zona &#8220;T&#8221;, pori dilatati e untuosit\u00e0 al tatto, dovuti principalmente a una eccessiva produzione di sebo).\u00a0<\/li><li><strong>Trattamenti Anti-Age specifici <\/strong>(trattamenti manuali o tramite l&#8217;utilizzo di apparecchiature per stimolare e migliorare la produzione di elastina e collagene in modo da mantenere una pelle pi\u00f9 turgida e compatta).<\/li><li><strong>Trattamenti al Viso di estetica avanzata.<\/strong><a href=\"https:\/\/www.esteticamya.it\/stg120326\/promozione-trattamento-corpo-san-mauro-torinese-estetica-mya\/\">(CLICCA QUI PER SAPERNE DI PIU&#8217;)<\/a><\/li><\/ul>\t\t\t\t\t\t\t\t<\/div>\n\t\t\t\t<\/div>\n\t\t\t\t<div class=\"elementor-element elementor-element-dd746b4 elementor-hidden-desktop elementor-hidden-tablet elementor-widget-divider--view-line elementor-widget elementor-widget-divider\" data-id=\"dd746b4\" data-element_type=\"widget\" data-e-type=\"widget\" data-widget_type=\"divider.default\">\n\t\t\t\t<div class=\"elementor-widget-container\">\n\t\t\t\t\t\t\t<div class=\"elementor-divider\">\n\t\t\t<span class=\"elementor-divider-separator\">\n\t\t\t\t\t\t<\/span>\n\t\t<\/div>\n\t\t\t\t\t\t<\/div>\n\t\t\t\t<\/div>\n\t\t\t\t<\/div>\n\t\t<div class=\"elementor-element elementor-element-0e369e1 e-con-full e-flex e-con e-child\" data-id=\"0e369e1\" data-element_type=\"container\" data-e-type=\"container\">\n\t\t\t\t<div class=\"elementor-element elementor-element-b795771 elementor-widget elementor-widget-image\" data-id=\"b795771\" data-element_type=\"widget\" data-e-type=\"widget\" data-widget_type=\"image.default\">\n\t\t\t\t<div class=\"elementor-widget-container\">\n\t\t\t\t\t\t\t\t\t\t\t\t\t\t\t<img decoding=\"async\" width=\"700\" height=\"489\" src=\"https:\/\/www.esteticamya.it\/stg120326\/wp-content\/uploads\/2022\/10\/radiofrequenza_esteticamya.jpg\" class=\"attachment-large size-large wp-image-2392\" alt=\"radiofrequenza esteticamya\" srcset=\"https:\/\/www.esteticamya.it\/stg120326\/wp-content\/uploads\/2022\/10\/radiofrequenza_esteticamya.jpg 700w, https:\/\/www.esteticamya.it\/stg120326\/wp-content\/uploads\/2022\/10\/radiofrequenza_esteticamya-300x210.jpg 300w\" sizes=\"(max-width: 700px) 100vw, 700px\" \/>\t\t\t\t\t\t\t\t\t\t\t\t\t\t\t<\/div>\n\t\t\t\t<\/div>\n\t\t\t\t<div class=\"elementor-element elementor-element-b40b31c elementor-widget elementor-widget-heading\" data-id=\"b40b31c\" data-element_type=\"widget\" data-e-type=\"widget\" data-widget_type=\"heading.default\">\n\t\t\t\t<div class=\"elementor-widget-container\">\n\t\t\t\t\t<h2 class=\"elementor-heading-title elementor-size-default\">Radiofrequenza <\/h2>\t\t\t\t<\/div>\n\t\t\t\t<\/div>\n\t\t\t\t<div class=\"elementor-element elementor-element-75423ae elementor-widget elementor-widget-text-editor\" data-id=\"75423ae\" data-element_type=\"widget\" data-e-type=\"widget\" data-widget_type=\"text-editor.default\">\n\t\t\t\t<div class=\"elementor-widget-container\">\n\t\t\t\t\t\t\t\t\t<p>La radiofrequenza viene definita <strong>&#8220;lifting senza bisturi&#8221;.<\/strong><\/p><p>La radiofrequenza permette:<\/p><ul><li><strong>Stimolazione dei fibroblasti<\/strong> (cellule del derma responsabili della produzione di nuovo collagene, elastina e acido ialuronico).<\/li><li><strong>Distensione delle rughe<\/strong> e perioculari e nasolabiali.<\/li><li><strong>Idratazione profonda.<\/strong><\/li><\/ul>\t\t\t\t\t\t\t\t<\/div>\n\t\t\t\t<\/div>\n\t\t\t\t<div class=\"elementor-element elementor-element-2e814c9 elementor-hidden-desktop elementor-hidden-tablet elementor-widget-divider--view-line elementor-widget elementor-widget-divider\" data-id=\"2e814c9\" data-element_type=\"widget\" data-e-type=\"widget\" data-widget_type=\"divider.default\">\n\t\t\t\t<div class=\"elementor-widget-container\">\n\t\t\t\t\t\t\t<div class=\"elementor-divider\">\n\t\t\t<span class=\"elementor-divider-separator\">\n\t\t\t\t\t\t<\/span>\n\t\t<\/div>\n\t\t\t\t\t\t<\/div>\n\t\t\t\t<\/div>\n\t\t\t\t<\/div>\n\t\t\t\t\t<\/div>\n\t\t\t\t<\/div>\n\t\t<div class=\"elementor-element elementor-element-494d61e e-flex e-con-boxed e-con e-parent\" data-id=\"494d61e\" data-element_type=\"container\" data-e-type=\"container\">\n\t\t\t\t\t<div class=\"e-con-inner\">\n\t\t<div class=\"elementor-element elementor-element-5109d12 e-con-full e-flex e-con e-child\" data-id=\"5109d12\" data-element_type=\"container\" data-e-type=\"container\">\n\t\t\t\t<div class=\"elementor-element elementor-element-f7bfd06 elementor-widget elementor-widget-image\" data-id=\"f7bfd06\" data-element_type=\"widget\" data-e-type=\"widget\" data-widget_type=\"image.default\">\n\t\t\t\t<div class=\"elementor-widget-container\">\n\t\t\t\t\t\t\t\t\t\t\t\t\t\t\t<img loading=\"lazy\" decoding=\"async\" width=\"569\" height=\"674\" src=\"https:\/\/www.esteticamya.it\/stg120326\/wp-content\/uploads\/2022\/10\/lpg_esteticamya.jpg\" class=\"attachment-large size-large wp-image-2396\" alt=\"lpg estetica mya\" srcset=\"https:\/\/www.esteticamya.it\/stg120326\/wp-content\/uploads\/2022\/10\/lpg_esteticamya.jpg 569w, https:\/\/www.esteticamya.it\/stg120326\/wp-content\/uploads\/2022\/10\/lpg_esteticamya-253x300.jpg 253w\" sizes=\"(max-width: 569px) 100vw, 569px\" \/>\t\t\t\t\t\t\t\t\t\t\t\t\t\t\t<\/div>\n\t\t\t\t<\/div>\n\t\t\t\t<div class=\"elementor-element elementor-element-13405b2 elementor-widget elementor-widget-heading\" data-id=\"13405b2\" data-element_type=\"widget\" data-e-type=\"widget\" data-widget_type=\"heading.default\">\n\t\t\t\t<div class=\"elementor-widget-container\">\n\t\t\t\t\t<h2 class=\"elementor-heading-title elementor-size-default\">Lpg<\/h2>\t\t\t\t<\/div>\n\t\t\t\t<\/div>\n\t\t\t\t<div class=\"elementor-element elementor-element-521787f elementor-widget elementor-widget-text-editor\" data-id=\"521787f\" data-element_type=\"widget\" data-e-type=\"widget\" data-widget_type=\"text-editor.default\">\n\t\t\t\t<div class=\"elementor-widget-container\">\n\t\t\t\t\t\t\t\t\t<p>L&#8217;Endermolift \u00e8 una metodica anti-aging 100% naturale che consente di ridensificare la pelle in profondit\u00e0 cancellando i segni del tempo.<\/p><p>L&#8217;Endermolift esegue una stimolazione meccanica sulla pelle sotto forma di massaggio.Questo massaggio permetter\u00e0 di riattivare l&#8217;attivit\u00e0 cellulare in modo tale che la pelle apparir\u00e0 <strong>luminosa, levigata, rassodata e senza rughe<\/strong>.<\/p><p>Lpg viso permetter\u00e0 di aprire lo sguardo e sollevare gli zigomi.<\/p>\t\t\t\t\t\t\t\t<\/div>\n\t\t\t\t<\/div>\n\t\t\t\t<div class=\"elementor-element elementor-element-49a8e48 elementor-widget elementor-widget-heading\" data-id=\"49a8e48\" data-element_type=\"widget\" data-e-type=\"widget\" data-widget_type=\"heading.default\">\n\t\t\t\t<div class=\"elementor-widget-container\">\n\t\t\t\t\t<h2 class=\"elementor-heading-title elementor-size-default\">Maschera Viso luce led<\/h2>\t\t\t\t<\/div>\n\t\t\t\t<\/div>\n\t\t\t\t<div class=\"elementor-element elementor-element-aa2e07e elementor-widget elementor-widget-image\" data-id=\"aa2e07e\" data-element_type=\"widget\" data-e-type=\"widget\" data-widget_type=\"image.default\">\n\t\t\t\t<div class=\"elementor-widget-container\">\n\t\t\t\t\t\t\t\t\t\t\t\t\t\t\t<img loading=\"lazy\" decoding=\"async\" width=\"1024\" height=\"1024\" src=\"https:\/\/www.esteticamya.it\/stg120326\/wp-content\/uploads\/2025\/02\/mascera-viso-esteticamya.webp\" class=\"attachment-large size-large wp-image-3121\" alt=\"mascera viso a luce led esteticamya\" srcset=\"https:\/\/www.esteticamya.it\/stg120326\/wp-content\/uploads\/2025\/02\/mascera-viso-esteticamya.webp 1024w, https:\/\/www.esteticamya.it\/stg120326\/wp-content\/uploads\/2025\/02\/mascera-viso-esteticamya-300x300.webp 300w, https:\/\/www.esteticamya.it\/stg120326\/wp-content\/uploads\/2025\/02\/mascera-viso-esteticamya-150x150.webp 150w, https:\/\/www.esteticamya.it\/stg120326\/wp-content\/uploads\/2025\/02\/mascera-viso-esteticamya-768x768.webp 768w, https:\/\/www.esteticamya.it\/stg120326\/wp-content\/uploads\/2025\/02\/mascera-viso-esteticamya-600x600.webp 600w\" sizes=\"(max-width: 1024px) 100vw, 1024px\" \/>\t\t\t\t\t\t\t\t\t\t\t\t\t\t\t<\/div>\n\t\t\t\t<\/div>\n\t\t\t\t<div class=\"elementor-element elementor-element-224d6ef elementor-widget elementor-widget-text-editor\" data-id=\"224d6ef\" data-element_type=\"widget\" data-e-type=\"widget\" data-widget_type=\"text-editor.default\">\n\t\t\t\t<div class=\"elementor-widget-container\">\n\t\t\t\t\t\t\t\t\t<p>La maschera viso LED pu\u00f2 essere personalizzata in base alle esigenze della pelle, utilizzando diverse lunghezze d\u2019onda.<\/p><div dir=\"auto\">I colori della luce Led hanno diversi effetti sulla pelle.<\/div><div dir=\"auto\">\u00a0<\/div><ul><li dir=\"auto\"><strong>Luce ROSSA<\/strong> stimola la produzione di collagene ed elastina riducendo rughe e migliorando la tonicita\u2019 della pelle<\/li><\/ul><p>\u00a0<\/p><ul><li dir=\"auto\"><strong>Luce BLU<\/strong> efficace contro l\u2019acne, pori dilatati, pelli impure\/miste<\/li><\/ul><p>\u00a0<\/p><ul><li dir=\"auto\"><strong>Luce VERDE<\/strong> uniforma l\u2019incarnato della pelle , riducendo l\u2019iperpigmentazione. Efficace contro le macchie<\/li><\/ul><p>\u00a0<\/p><ul><li dir=\"auto\"><strong>Luce VIOLA<\/strong> aiuta ad eliminare le tossine e ad aumentare la luminosit\u00e0 della pelle\u00a0<\/li><\/ul><div class=\"yj6qo\">\u00a0<\/div>\t\t\t\t\t\t\t\t<\/div>\n\t\t\t\t<\/div>\n\t\t\t\t<div class=\"elementor-element elementor-element-55a4c97 elementor-hidden-desktop elementor-hidden-tablet elementor-widget-divider--view-line elementor-widget elementor-widget-divider\" data-id=\"55a4c97\" data-element_type=\"widget\" data-e-type=\"widget\" data-widget_type=\"divider.default\">\n\t\t\t\t<div class=\"elementor-widget-container\">\n\t\t\t\t\t\t\t<div class=\"elementor-divider\">\n\t\t\t<span class=\"elementor-divider-separator\">\n\t\t\t\t\t\t<\/span>\n\t\t<\/div>\n\t\t\t\t\t\t<\/div>\n\t\t\t\t<\/div>\n\t\t\t\t<\/div>\n\t\t<div class=\"elementor-element elementor-element-fe9c0f3 e-con-full e-flex e-con e-child\" data-id=\"fe9c0f3\" data-element_type=\"container\" data-e-type=\"container\">\n\t\t\t\t<div class=\"elementor-element elementor-element-e575f30 elementor-widget elementor-widget-heading\" data-id=\"e575f30\" data-element_type=\"widget\" data-e-type=\"widget\" data-widget_type=\"heading.default\">\n\t\t\t\t<div class=\"elementor-widget-container\">\n\t\t\t\t\t<h2 class=\"elementor-heading-title elementor-size-default\">Presso Eyes - Pressaterapia occhi<\/h2>\t\t\t\t<\/div>\n\t\t\t\t<\/div>\n\t\t\t\t<div class=\"elementor-element elementor-element-d19571d elementor-widget elementor-widget-text-editor\" data-id=\"d19571d\" data-element_type=\"widget\" data-e-type=\"widget\" data-widget_type=\"text-editor.default\">\n\t\t\t\t<div class=\"elementor-widget-container\">\n\t\t\t\t\t\t\t\t\t<blockquote><p>Nuova Vita al tuo sguardo con il trattamento definitivo per il contorno occhi.<\/p><\/blockquote><p>Presso Eyes \u00e8 una speciale maschera occhi dalle molteplici funzioni:<\/p><ul><li><strong>Massaggio vibrante<\/strong> (migliora la circolazione sanguigna, riduce il senso di fatica degli occhi, riduce il gonfiore di borse e occhiaie).<\/li><li><strong>Pressoterapia<\/strong> (la compressione allevia i gonfiori e riattiva il sistema linfatico).<\/li><li><strong>Infrarossi<\/strong> (terapia del caldo 35\/45\u00b0 dona sollievo agli occhi affaticati e secchi).<\/li><\/ul>\t\t\t\t\t\t\t\t<\/div>\n\t\t\t\t<\/div>\n\t\t\t\t<div class=\"elementor-element elementor-element-76b62ee elementor-widget elementor-widget-image\" data-id=\"76b62ee\" data-element_type=\"widget\" data-e-type=\"widget\" data-widget_type=\"image.default\">\n\t\t\t\t<div class=\"elementor-widget-container\">\n\t\t\t\t\t\t\t\t\t\t\t\t\t\t\t<img loading=\"lazy\" decoding=\"async\" width=\"700\" height=\"698\" src=\"https:\/\/www.esteticamya.it\/stg120326\/wp-content\/uploads\/2022\/10\/pressoeyes_esteticamya.jpg\" class=\"attachment-large size-large wp-image-2393\" alt=\"pressoterapia occhi\" srcset=\"https:\/\/www.esteticamya.it\/stg120326\/wp-content\/uploads\/2022\/10\/pressoeyes_esteticamya.jpg 700w, https:\/\/www.esteticamya.it\/stg120326\/wp-content\/uploads\/2022\/10\/pressoeyes_esteticamya-300x300.jpg 300w, https:\/\/www.esteticamya.it\/stg120326\/wp-content\/uploads\/2022\/10\/pressoeyes_esteticamya-150x150.jpg 150w\" sizes=\"(max-width: 700px) 100vw, 700px\" \/>\t\t\t\t\t\t\t\t\t\t\t\t\t\t\t<\/div>\n\t\t\t\t<\/div>\n\t\t\t\t<div class=\"elementor-element elementor-element-75d7085 elementor-hidden-desktop elementor-hidden-tablet elementor-widget-divider--view-line elementor-widget elementor-widget-divider\" data-id=\"75d7085\" data-element_type=\"widget\" data-e-type=\"widget\" data-widget_type=\"divider.default\">\n\t\t\t\t<div class=\"elementor-widget-container\">\n\t\t\t\t\t\t\t<div class=\"elementor-divider\">\n\t\t\t<span class=\"elementor-divider-separator\">\n\t\t\t\t\t\t<\/span>\n\t\t<\/div>\n\t\t\t\t\t\t<\/div>\n\t\t\t\t<\/div>\n\t\t\t\t<\/div>\n\t\t\t\t\t<\/div>\n\t\t\t\t<\/div>\n\t\t\t\t<\/div>\n\t\t","protected":false},"excerpt":{"rendered":"<p>Trattamenti Viso Pulizia Viso La pulizia viso mira a pulire accuratamente la pelle, a rimuovere punti neri e a favorire il ricambio cellulare in modo da ossigenare la pelle. Trattamenti specifici Trattamenti Viso personalizzati per le varie esigenze. Pelli sensibili (questo trattamento mira a calmare, decongestionare e schiarire i rossori). Pelli con macchie cutanee Pelli [&hellip;]<\/p>\n","protected":false},"author":1,"featured_media":0,"parent":0,"menu_order":0,"comment_status":"closed","ping_status":"closed","template":"","meta":{"ocean_post_layout":"","ocean_both_sidebars_style":"","ocean_both_sidebars_content_width":0,"ocean_both_sidebars_sidebars_width":0,"ocean_sidebar":"0","ocean_second_sidebar":"0","ocean_disable_margins":"enable","ocean_add_body_class":"","ocean_shortcode_before_top_bar":"","ocean_shortcode_after_top_bar":"","ocean_shortcode_before_header":"","ocean_shortcode_after_header":"","ocean_has_shortcode":"","ocean_shortcode_after_title":"","ocean_shortcode_before_footer_widgets":"","ocean_shortcode_after_footer_widgets":"","ocean_shortcode_before_footer_bottom":"","ocean_shortcode_after_footer_bottom":"","ocean_display_top_bar":"default","ocean_display_header":"default","ocean_header_style":"","ocean_center_header_left_menu":"0","ocean_custom_header_template":"0","ocean_custom_logo":0,"ocean_custom_retina_logo":0,"ocean_custom_logo_max_width":0,"ocean_custom_logo_tablet_max_width":0,"ocean_custom_logo_mobile_max_width":0,"ocean_custom_logo_max_height":0,"ocean_custom_logo_tablet_max_height":0,"ocean_custom_logo_mobile_max_height":0,"ocean_header_custom_menu":"0","ocean_menu_typo_font_family":"0","ocean_menu_typo_font_subset":"","ocean_menu_typo_font_size":0,"ocean_menu_typo_font_size_tablet":0,"ocean_menu_typo_font_size_mobile":0,"ocean_menu_typo_font_size_unit":"px","ocean_menu_typo_font_weight":"","ocean_menu_typo_font_weight_tablet":"","ocean_menu_typo_font_weight_mobile":"","ocean_menu_typo_transform":"","ocean_menu_typo_transform_tablet":"","ocean_menu_typo_transform_mobile":"","ocean_menu_typo_line_height":0,"ocean_menu_typo_line_height_tablet":0,"ocean_menu_typo_line_height_mobile":0,"ocean_menu_typo_line_height_unit":"","ocean_menu_typo_spacing":0,"ocean_menu_typo_spacing_tablet":0,"ocean_menu_typo_spacing_mobile":0,"ocean_menu_typo_spacing_unit":"","ocean_menu_link_color":"","ocean_menu_link_color_hover":"","ocean_menu_link_color_active":"","ocean_menu_link_background":"","ocean_menu_link_hover_background":"","ocean_menu_link_active_background":"","ocean_menu_social_links_bg":"","ocean_menu_social_hover_links_bg":"","ocean_menu_social_links_color":"","ocean_menu_social_hover_links_color":"","ocean_disable_title":"default","ocean_disable_heading":"default","ocean_post_title":"","ocean_post_subheading":"","ocean_post_title_style":"","ocean_post_title_background_color":"","ocean_post_title_background":0,"ocean_post_title_bg_image_position":"","ocean_post_title_bg_image_attachment":"","ocean_post_title_bg_image_repeat":"","ocean_post_title_bg_image_size":"","ocean_post_title_height":0,"ocean_post_title_bg_overlay":0.5,"ocean_post_title_bg_overlay_color":"","ocean_disable_breadcrumbs":"default","ocean_breadcrumbs_color":"","ocean_breadcrumbs_separator_color":"","ocean_breadcrumbs_links_color":"","ocean_breadcrumbs_links_hover_color":"","ocean_display_footer_widgets":"default","ocean_display_footer_bottom":"default","ocean_custom_footer_template":"0","footnotes":""},"class_list":["post-2284","page","type-page","status-publish","hentry","entry"],"yoast_head":"<!-- This site is optimized with the Yoast SEO plugin v27.2 - https:\/\/yoast.com\/product\/yoast-seo-wordpress\/ -->\n<title>Trattamento Viso a San Mauro Torinese | Centro Estetico Mya - stg120326<\/title>\n<meta name=\"description\" content=\"Pulizia viso, radiofrequenza, LPG e trattamenti anti-age a San Mauro Torinese. Soluzioni personalizzate per ogni tipo di pelle. Prenota ora!\" \/>\n<meta name=\"robots\" content=\"noindex, follow, max-snippet:-1, max-image-preview:large, max-video-preview:-1\" \/>\n<meta property=\"og:locale\" content=\"it_IT\" \/>\n<meta property=\"og:type\" content=\"article\" \/>\n<meta property=\"og:title\" content=\"Trattamento Viso a San Mauro Torinese | Centro Estetico Mya - stg120326\" \/>\n<meta property=\"og:description\" content=\"Pulizia viso, radiofrequenza, LPG e trattamenti anti-age a San Mauro Torinese. Soluzioni personalizzate per ogni tipo di pelle. Prenota ora!\" \/>\n<meta property=\"og:url\" content=\"https:\/\/www.esteticamya.it\/stg120326\/trattamento-viso\/\" \/>\n<meta property=\"og:site_name\" content=\"stg120326\" \/>\n<meta property=\"article:publisher\" content=\"https:\/\/www.facebook.com\/EsteticaMyaSanMauroTorinese\" \/>\n<meta property=\"article:modified_time\" content=\"2026-03-17T14:02:33+00:00\" \/>\n<meta property=\"og:image\" content=\"https:\/\/www.esteticamya.it\/stg120326\/wp-content\/uploads\/2020\/04\/trattamento_viso_esteticamya_1-1-e1674375170395.jpg\" \/>\n\t<meta property=\"og:image:width\" content=\"800\" \/>\n\t<meta property=\"og:image:height\" content=\"539\" \/>\n\t<meta property=\"og:image:type\" content=\"image\/jpeg\" \/>\n<meta name=\"twitter:card\" content=\"summary_large_image\" \/>\n<meta name=\"twitter:label1\" content=\"Tempo di lettura stimato\" \/>\n\t<meta name=\"twitter:data1\" content=\"2 minuti\" \/>\n<script type=\"application\/ld+json\" class=\"yoast-schema-graph\">{\"@context\":\"https:\/\/schema.org\",\"@graph\":[{\"@type\":\"WebPage\",\"@id\":\"https:\/\/www.esteticamya.it\/stg120326\/trattamento-viso\/\",\"url\":\"https:\/\/www.esteticamya.it\/stg120326\/trattamento-viso\/\",\"name\":\"Trattamento Viso a San Mauro Torinese | Centro Estetico Mya - stg120326\",\"isPartOf\":{\"@id\":\"https:\/\/www.esteticamya.it\/stg120326\/#website\"},\"primaryImageOfPage\":{\"@id\":\"https:\/\/www.esteticamya.it\/stg120326\/trattamento-viso\/#primaryimage\"},\"image\":{\"@id\":\"https:\/\/www.esteticamya.it\/stg120326\/trattamento-viso\/#primaryimage\"},\"thumbnailUrl\":\"https:\/\/www.esteticamya.it\/stg120326\/wp-content\/uploads\/2020\/04\/trattamento_viso_esteticamya_1-1-1024x689.jpg\",\"datePublished\":\"2022-10-21T15:55:18+00:00\",\"dateModified\":\"2026-03-17T14:02:33+00:00\",\"description\":\"Pulizia viso, radiofrequenza, LPG e trattamenti anti-age a San Mauro Torinese. Soluzioni personalizzate per ogni tipo di pelle. Prenota ora!\",\"breadcrumb\":{\"@id\":\"https:\/\/www.esteticamya.it\/stg120326\/trattamento-viso\/#breadcrumb\"},\"inLanguage\":\"it-IT\",\"potentialAction\":[{\"@type\":\"ReadAction\",\"target\":[\"https:\/\/www.esteticamya.it\/stg120326\/trattamento-viso\/\"]}]},{\"@type\":\"ImageObject\",\"inLanguage\":\"it-IT\",\"@id\":\"https:\/\/www.esteticamya.it\/stg120326\/trattamento-viso\/#primaryimage\",\"url\":\"https:\/\/www.esteticamya.it\/stg120326\/wp-content\/uploads\/2020\/04\/trattamento_viso_esteticamya_1-1-e1674375170395.jpg\",\"contentUrl\":\"https:\/\/www.esteticamya.it\/stg120326\/wp-content\/uploads\/2020\/04\/trattamento_viso_esteticamya_1-1-e1674375170395.jpg\",\"width\":800,\"height\":539,\"caption\":\"trattamento viso\"},{\"@type\":\"BreadcrumbList\",\"@id\":\"https:\/\/www.esteticamya.it\/stg120326\/trattamento-viso\/#breadcrumb\",\"itemListElement\":[{\"@type\":\"ListItem\",\"position\":1,\"name\":\"Home\",\"item\":\"https:\/\/www.esteticamya.it\/stg120326\/\"},{\"@type\":\"ListItem\",\"position\":2,\"name\":\"Trattamento Viso a San Mauro Torinese | Centro Estetico Mya\"}]},{\"@type\":\"WebSite\",\"@id\":\"https:\/\/www.esteticamya.it\/stg120326\/#website\",\"url\":\"https:\/\/www.esteticamya.it\/stg120326\/\",\"name\":\"stg120326\",\"description\":\"Quello che sei a 20 anni \u00e8 merito tuo ... quello che sei a 50 \u00e8 merito di ... Estetica Mya\",\"publisher\":{\"@id\":\"https:\/\/www.esteticamya.it\/stg120326\/#organization\"},\"potentialAction\":[{\"@type\":\"SearchAction\",\"target\":{\"@type\":\"EntryPoint\",\"urlTemplate\":\"https:\/\/www.esteticamya.it\/stg120326\/?s={search_term_string}\"},\"query-input\":{\"@type\":\"PropertyValueSpecification\",\"valueRequired\":true,\"valueName\":\"search_term_string\"}}],\"inLanguage\":\"it-IT\"},{\"@type\":\"Organization\",\"@id\":\"https:\/\/www.esteticamya.it\/stg120326\/#organization\",\"name\":\"Estetica Mya\",\"url\":\"https:\/\/www.esteticamya.it\/stg120326\/\",\"logo\":{\"@type\":\"ImageObject\",\"inLanguage\":\"it-IT\",\"@id\":\"https:\/\/www.esteticamya.it\/stg120326\/#\/schema\/logo\/image\/\",\"url\":\"https:\/\/www.esteticamya.it\/stg120326\/wp-content\/uploads\/2022\/04\/logo-estetica-mya_youtube.jpg\",\"contentUrl\":\"https:\/\/www.esteticamya.it\/stg120326\/wp-content\/uploads\/2022\/04\/logo-estetica-mya_youtube.jpg\",\"width\":612,\"height\":612,\"caption\":\"Estetica Mya\"},\"image\":{\"@id\":\"https:\/\/www.esteticamya.it\/stg120326\/#\/schema\/logo\/image\/\"},\"sameAs\":[\"https:\/\/www.facebook.com\/EsteticaMyaSanMauroTorinese\",\"https:\/\/www.instagram.com\/esteticamya\/\",\"https:\/\/www.youtube.com\/channel\/UCZXIE1AFcElXtGnuH0rC-3A\"]}]}<\/script>\n<!-- \/ Yoast SEO plugin. -->","yoast_head_json":{"title":"Trattamento Viso a San Mauro Torinese | Centro Estetico Mya - stg120326","description":"Pulizia viso, radiofrequenza, LPG e trattamenti anti-age a San Mauro Torinese. Soluzioni personalizzate per ogni tipo di pelle. Prenota ora!","robots":{"index":"noindex","follow":"follow","max-snippet":"max-snippet:-1","max-image-preview":"max-image-preview:large","max-video-preview":"max-video-preview:-1"},"og_locale":"it_IT","og_type":"article","og_title":"Trattamento Viso a San Mauro Torinese | Centro Estetico Mya - stg120326","og_description":"Pulizia viso, radiofrequenza, LPG e trattamenti anti-age a San Mauro Torinese. Soluzioni personalizzate per ogni tipo di pelle. Prenota ora!","og_url":"https:\/\/www.esteticamya.it\/stg120326\/trattamento-viso\/","og_site_name":"stg120326","article_publisher":"https:\/\/www.facebook.com\/EsteticaMyaSanMauroTorinese","article_modified_time":"2026-03-17T14:02:33+00:00","og_image":[{"width":800,"height":539,"url":"https:\/\/www.esteticamya.it\/stg120326\/wp-content\/uploads\/2020\/04\/trattamento_viso_esteticamya_1-1-e1674375170395.jpg","type":"image\/jpeg"}],"twitter_card":"summary_large_image","twitter_misc":{"Tempo di lettura stimato":"2 minuti"},"schema":{"@context":"https:\/\/schema.org","@graph":[{"@type":"WebPage","@id":"https:\/\/www.esteticamya.it\/stg120326\/trattamento-viso\/","url":"https:\/\/www.esteticamya.it\/stg120326\/trattamento-viso\/","name":"Trattamento Viso a San Mauro Torinese | Centro Estetico Mya - stg120326","isPartOf":{"@id":"https:\/\/www.esteticamya.it\/stg120326\/#website"},"primaryImageOfPage":{"@id":"https:\/\/www.esteticamya.it\/stg120326\/trattamento-viso\/#primaryimage"},"image":{"@id":"https:\/\/www.esteticamya.it\/stg120326\/trattamento-viso\/#primaryimage"},"thumbnailUrl":"https:\/\/www.esteticamya.it\/stg120326\/wp-content\/uploads\/2020\/04\/trattamento_viso_esteticamya_1-1-1024x689.jpg","datePublished":"2022-10-21T15:55:18+00:00","dateModified":"2026-03-17T14:02:33+00:00","description":"Pulizia viso, radiofrequenza, LPG e trattamenti anti-age a San Mauro Torinese. Soluzioni personalizzate per ogni tipo di pelle. Prenota ora!","breadcrumb":{"@id":"https:\/\/www.esteticamya.it\/stg120326\/trattamento-viso\/#breadcrumb"},"inLanguage":"it-IT","potentialAction":[{"@type":"ReadAction","target":["https:\/\/www.esteticamya.it\/stg120326\/trattamento-viso\/"]}]},{"@type":"ImageObject","inLanguage":"it-IT","@id":"https:\/\/www.esteticamya.it\/stg120326\/trattamento-viso\/#primaryimage","url":"https:\/\/www.esteticamya.it\/stg120326\/wp-content\/uploads\/2020\/04\/trattamento_viso_esteticamya_1-1-e1674375170395.jpg","contentUrl":"https:\/\/www.esteticamya.it\/stg120326\/wp-content\/uploads\/2020\/04\/trattamento_viso_esteticamya_1-1-e1674375170395.jpg","width":800,"height":539,"caption":"trattamento viso"},{"@type":"BreadcrumbList","@id":"https:\/\/www.esteticamya.it\/stg120326\/trattamento-viso\/#breadcrumb","itemListElement":[{"@type":"ListItem","position":1,"name":"Home","item":"https:\/\/www.esteticamya.it\/stg120326\/"},{"@type":"ListItem","position":2,"name":"Trattamento Viso a San Mauro Torinese | Centro Estetico Mya"}]},{"@type":"WebSite","@id":"https:\/\/www.esteticamya.it\/stg120326\/#website","url":"https:\/\/www.esteticamya.it\/stg120326\/","name":"stg120326","description":"Quello che sei a 20 anni \u00e8 merito tuo ... quello che sei a 50 \u00e8 merito di ... Estetica Mya","publisher":{"@id":"https:\/\/www.esteticamya.it\/stg120326\/#organization"},"potentialAction":[{"@type":"SearchAction","target":{"@type":"EntryPoint","urlTemplate":"https:\/\/www.esteticamya.it\/stg120326\/?s={search_term_string}"},"query-input":{"@type":"PropertyValueSpecification","valueRequired":true,"valueName":"search_term_string"}}],"inLanguage":"it-IT"},{"@type":"Organization","@id":"https:\/\/www.esteticamya.it\/stg120326\/#organization","name":"Estetica Mya","url":"https:\/\/www.esteticamya.it\/stg120326\/","logo":{"@type":"ImageObject","inLanguage":"it-IT","@id":"https:\/\/www.esteticamya.it\/stg120326\/#\/schema\/logo\/image\/","url":"https:\/\/www.esteticamya.it\/stg120326\/wp-content\/uploads\/2022\/04\/logo-estetica-mya_youtube.jpg","contentUrl":"https:\/\/www.esteticamya.it\/stg120326\/wp-content\/uploads\/2022\/04\/logo-estetica-mya_youtube.jpg","width":612,"height":612,"caption":"Estetica Mya"},"image":{"@id":"https:\/\/www.esteticamya.it\/stg120326\/#\/schema\/logo\/image\/"},"sameAs":["https:\/\/www.facebook.com\/EsteticaMyaSanMauroTorinese","https:\/\/www.instagram.com\/esteticamya\/","https:\/\/www.youtube.com\/channel\/UCZXIE1AFcElXtGnuH0rC-3A"]}]}},"_links":{"self":[{"href":"https:\/\/www.esteticamya.it\/stg120326\/wp-json\/wp\/v2\/pages\/2284","targetHints":{"allow":["GET"]}}],"collection":[{"href":"https:\/\/www.esteticamya.it\/stg120326\/wp-json\/wp\/v2\/pages"}],"about":[{"href":"https:\/\/www.esteticamya.it\/stg120326\/wp-json\/wp\/v2\/types\/page"}],"author":[{"embeddable":true,"href":"https:\/\/www.esteticamya.it\/stg120326\/wp-json\/wp\/v2\/users\/1"}],"replies":[{"embeddable":true,"href":"https:\/\/www.esteticamya.it\/stg120326\/wp-json\/wp\/v2\/comments?post=2284"}],"version-history":[{"count":31,"href":"https:\/\/www.esteticamya.it\/stg120326\/wp-json\/wp\/v2\/pages\/2284\/revisions"}],"predecessor-version":[{"id":3840,"href":"https:\/\/www.esteticamya.it\/stg120326\/wp-json\/wp\/v2\/pages\/2284\/revisions\/3840"}],"wp:attachment":[{"href":"https:\/\/www.esteticamya.it\/stg120326\/wp-json\/wp\/v2\/media?parent=2284"}],"curies":[{"name":"wp","href":"https:\/\/api.w.org\/{rel}","templated":true}]}}