{"id":975,"date":"2022-04-28T15:19:38","date_gmt":"2022-04-28T15:19:38","guid":{"rendered":"https:\/\/www.esteticamya.it\/stg120326\/?page_id=975"},"modified":"2026-03-05T15:20:19","modified_gmt":"2026-03-05T14:20:19","slug":"servizio-personal-training","status":"publish","type":"page","link":"https:\/\/www.esteticamya.it\/stg120326\/servizio-personal-training\/","title":{"rendered":"Personal Trainer a San Mauro Torinese | Centro Estetico Mya"},"content":{"rendered":"\t\t<div data-elementor-type=\"wp-page\" data-elementor-id=\"975\" class=\"elementor elementor-975\">\n\t\t\t\t<div class=\"elementor-element elementor-element-d785195 e-flex e-con-boxed e-con e-parent\" data-id=\"d785195\" data-element_type=\"container\" data-e-type=\"container\">\n\t\t\t\t\t<div class=\"e-con-inner\">\n\t\t\t\t<div class=\"elementor-element elementor-element-837c315 elementor-widget elementor-widget-heading\" data-id=\"837c315\" data-element_type=\"widget\" data-e-type=\"widget\" data-widget_type=\"heading.default\">\n\t\t\t\t<div class=\"elementor-widget-container\">\n\t\t\t\t\t<h1 class=\"elementor-heading-title elementor-size-default\">Servizio Personal Training<\/h1>\t\t\t\t<\/div>\n\t\t\t\t<\/div>\n\t\t\t\t\t<\/div>\n\t\t\t\t<\/div>\n\t\t<div class=\"elementor-element elementor-element-84cc3b8 e-flex e-con-boxed e-con e-parent\" data-id=\"84cc3b8\" data-element_type=\"container\" data-e-type=\"container\">\n\t\t\t\t\t<div class=\"e-con-inner\">\n\t\t<div class=\"elementor-element elementor-element-2c5111e e-con-full e-flex e-con e-child\" data-id=\"2c5111e\" data-element_type=\"container\" data-e-type=\"container\">\n\t\t\t\t<div class=\"elementor-element elementor-element-df26157 elementor-widget elementor-widget-text-editor\" data-id=\"df26157\" data-element_type=\"widget\" data-e-type=\"widget\" data-widget_type=\"text-editor.default\">\n\t\t\t\t<div class=\"elementor-widget-container\">\n\t\t\t\t\t\t\t\t\t<h1>Servizio Personal Training con Massimo<\/h1><p>Se cerchi un <strong>Servizio Personal Training<\/strong> professionale e personalizzato, Massimo \u00e8 il coach giusto per te! Grazie alla sua esperienza e alla passione per lo sport, ti guider\u00e0 con programmi di allenamento su misura, adatti a ogni et\u00e0 e livello di preparazione.<\/p><h2>Chi \u00e8 Massimo? Una vita dedicata allo sport e alla crescita personale<\/h2><p>Massimo ha praticato sport sin da bambino, avvicinandosi alle arti marziali e specializzandosi in diverse discipline a livello agonistico. Ha partecipato a gare nazionali di <strong>Lotta Greco-Romana<\/strong>, \u00e8 <strong>Cintura Marrone di Karate<\/strong> e <strong>Cintura Nera di Kung Fu<\/strong>.<\/p><p>Oltre alle arti marziali, \u00e8 un grande amante della corsa in tutte le sue forme e degli sport all\u2019aria aperta, specialmente quelli legati alla montagna: <strong>arrampicata, escursionismo, alpinismo e mountain bike<\/strong> fanno parte del suo stile di vita.<\/p><p>Massimo \u00e8 molto pi\u00f9 di un Personal Trainer: \u00e8 un appassionato della crescita personale e del miglioramento continuo. \u00c8 un <strong>grande lettore<\/strong>, con una predilezione per i libri sullo sport, sull\u2019apprendimento e sullo sviluppo del potenziale umano. Per lui, l\u2019allenamento non riguarda solo il corpo, ma anche la mente: trasmette sempre ai suoi allievi l&#8217;importanza di un equilibrio tra attivit\u00e0 fisica e una <strong>corretta alimentazione ricca di tutti i nutrienti essenziali<\/strong>.<\/p><p>Massimo \u00e8 una persona <strong>socievole e comunicativa<\/strong>, dotata di una grande capacit\u00e0 di linguaggio verbale, qualit\u00e0 che lo rendono un <strong>ottimo compagno di allenamento<\/strong>. Riesce sempre a creare un <strong>grande feeling con i suoi clienti<\/strong>, mettendoli a proprio agio e spronandoli a dare il massimo. \u00c8 in continua evoluzione, sempre alla ricerca di nuove conoscenze da trasmettere e insegnare, per offrire un servizio sempre pi\u00f9 efficace e personalizzato.<\/p><h2>Il tuo allenamento, la tua scelta!<\/h2><p>Il nostro <strong>Servizio Personal Training<\/strong> ti permette di scegliere la modalit\u00e0 che preferisci:<\/p><p>\u2714 <strong>Allenamenti individuali<\/strong>: se desideri un programma su misura per raggiungere pi\u00f9 velocemente i tuoi obiettivi.<br \/>\u2714 <strong>Allenamenti in piccoli gruppi (max 5 persone)<\/strong>: per socializzare, motivarti e farti stimolare dai compagni di allenamento.<\/p><p>\ud83d\udcc5 <strong>Disponibile dal luned\u00ec al venerd\u00ec, dalle 8:00 alle 20:00, su appuntamento.<\/strong><\/p><h2>Un supporto a 360\u00b0<\/h2><p>Se il tuo obiettivo \u00e8 la <strong>perdita di peso<\/strong>, Massimo lavora in collaborazione con il nostro Nutrizionista, offrendoti un percorso completo.<\/p><p>Se vuoi scoprire di pi\u00f9 sul nostro servizio sulla nutrizione <a href=\"https:\/\/www.esteticamya.it\/stg120326\/consulenza-alimentare\/\">clicca qui<\/a> e approfondisci la nostra offerta !<\/p><p>\ud83d\udcf2 <strong>Prenota la tua lezione oggi stesso!<\/strong> Contatta Massimo al <strong>339-2484226<\/strong> (anche WhatsApp).<\/p><p><em>&#8220;Abbi buona cura del tuo corpo, \u00e8 l\u2019unico posto in cui devi vivere!&#8221;<\/em> \u2013 Jim Rohn<\/p><p><em style=\"font-size: 20px; caret-color: #000000; color: #000000; text-align: var(--text-align);\">&#8220;Scopri anche gli altri\u00a0<a href=\"https:\/\/www.esteticamya.it\/stg120326\" rel=\"noopener\">servizi\u00a0del\u00a0nostro\u00a0centro<\/a>\u00a0per un benessere completo.&#8221;<\/em><\/p>\t\t\t\t\t\t\t\t<\/div>\n\t\t\t\t<\/div>\n\t\t\t\t<\/div>\n\t\t<div class=\"elementor-element elementor-element-3e2e079 e-con-full e-flex e-con e-child\" data-id=\"3e2e079\" data-element_type=\"container\" data-e-type=\"container\">\n\t\t\t\t<div class=\"elementor-element elementor-element-6ebe434 elementor-widget elementor-widget-image\" data-id=\"6ebe434\" data-element_type=\"widget\" data-e-type=\"widget\" data-widget_type=\"image.default\">\n\t\t\t\t<div class=\"elementor-widget-container\">\n\t\t\t\t\t\t\t\t\t\t\t\t\t\t\t<img fetchpriority=\"high\" decoding=\"async\" width=\"600\" height=\"542\" src=\"https:\/\/www.esteticamya.it\/stg120326\/wp-content\/uploads\/2022\/04\/massimo_def2-e1674374913284.jpg\" class=\"attachment-large size-large wp-image-1020\" alt=\"Massimo Conversano Personal Trainer\" srcset=\"https:\/\/www.esteticamya.it\/stg120326\/wp-content\/uploads\/2022\/04\/massimo_def2-e1674374913284.jpg 600w, https:\/\/www.esteticamya.it\/stg120326\/wp-content\/uploads\/2022\/04\/massimo_def2-e1674374913284-300x271.jpg 300w\" sizes=\"(max-width: 600px) 100vw, 600px\" \/>\t\t\t\t\t\t\t\t\t\t\t\t\t\t\t<\/div>\n\t\t\t\t<\/div>\n\t\t\t\t<\/div>\n\t\t\t\t\t<\/div>\n\t\t\t\t<\/div>\n\t\t\t\t<\/div>\n\t\t","protected":false},"excerpt":{"rendered":"<p>Servizio Personal Training Servizio Personal Training con Massimo Se cerchi un Servizio Personal Training professionale e personalizzato, Massimo \u00e8 il coach giusto per te! Grazie alla sua esperienza e alla passione per lo sport, ti guider\u00e0 con programmi di allenamento su misura, adatti a ogni et\u00e0 e livello di preparazione. Chi \u00e8 Massimo? Una vita [&hellip;]<\/p>\n","protected":false},"author":1,"featured_media":0,"parent":0,"menu_order":0,"comment_status":"closed","ping_status":"closed","template":"","meta":{"ocean_post_layout":"","ocean_both_sidebars_style":"","ocean_both_sidebars_content_width":0,"ocean_both_sidebars_sidebars_width":0,"ocean_sidebar":"0","ocean_second_sidebar":"0","ocean_disable_margins":"enable","ocean_add_body_class":"","ocean_shortcode_before_top_bar":"","ocean_shortcode_after_top_bar":"","ocean_shortcode_before_header":"","ocean_shortcode_after_header":"","ocean_has_shortcode":"","ocean_shortcode_after_title":"","ocean_shortcode_before_footer_widgets":"","ocean_shortcode_after_footer_widgets":"","ocean_shortcode_before_footer_bottom":"","ocean_shortcode_after_footer_bottom":"","ocean_display_top_bar":"default","ocean_display_header":"default","ocean_header_style":"","ocean_center_header_left_menu":"0","ocean_custom_header_template":"0","ocean_custom_logo":0,"ocean_custom_retina_logo":0,"ocean_custom_logo_max_width":0,"ocean_custom_logo_tablet_max_width":0,"ocean_custom_logo_mobile_max_width":0,"ocean_custom_logo_max_height":0,"ocean_custom_logo_tablet_max_height":0,"ocean_custom_logo_mobile_max_height":0,"ocean_header_custom_menu":"0","ocean_menu_typo_font_family":"0","ocean_menu_typo_font_subset":"","ocean_menu_typo_font_size":0,"ocean_menu_typo_font_size_tablet":0,"ocean_menu_typo_font_size_mobile":0,"ocean_menu_typo_font_size_unit":"px","ocean_menu_typo_font_weight":"","ocean_menu_typo_font_weight_tablet":"","ocean_menu_typo_font_weight_mobile":"","ocean_menu_typo_transform":"","ocean_menu_typo_transform_tablet":"","ocean_menu_typo_transform_mobile":"","ocean_menu_typo_line_height":0,"ocean_menu_typo_line_height_tablet":0,"ocean_menu_typo_line_height_mobile":0,"ocean_menu_typo_line_height_unit":"","ocean_menu_typo_spacing":0,"ocean_menu_typo_spacing_tablet":0,"ocean_menu_typo_spacing_mobile":0,"ocean_menu_typo_spacing_unit":"","ocean_menu_link_color":"","ocean_menu_link_color_hover":"","ocean_menu_link_color_active":"","ocean_menu_link_background":"","ocean_menu_link_hover_background":"","ocean_menu_link_active_background":"","ocean_menu_social_links_bg":"","ocean_menu_social_hover_links_bg":"","ocean_menu_social_links_color":"","ocean_menu_social_hover_links_color":"","ocean_disable_title":"default","ocean_disable_heading":"default","ocean_post_title":"","ocean_post_subheading":"","ocean_post_title_style":"","ocean_post_title_background_color":"","ocean_post_title_background":0,"ocean_post_title_bg_image_position":"","ocean_post_title_bg_image_attachment":"","ocean_post_title_bg_image_repeat":"","ocean_post_title_bg_image_size":"","ocean_post_title_height":0,"ocean_post_title_bg_overlay":0.5,"ocean_post_title_bg_overlay_color":"","ocean_disable_breadcrumbs":"default","ocean_breadcrumbs_color":"","ocean_breadcrumbs_separator_color":"","ocean_breadcrumbs_links_color":"","ocean_breadcrumbs_links_hover_color":"","ocean_display_footer_widgets":"default","ocean_display_footer_bottom":"default","ocean_custom_footer_template":"0","footnotes":""},"class_list":["post-975","page","type-page","status-publish","hentry","entry"],"yoast_head":"<!-- This site is optimized with the Yoast SEO plugin v27.2 - https:\/\/yoast.com\/product\/yoast-seo-wordpress\/ -->\n<title>Personal Trainer a San Mauro Torinese | Centro Estetico Mya - stg120326<\/title>\n<meta name=\"description\" content=\"Allena corpo e mente al Centro Estetico Mya di San Mauro Torinese. Personal trainer Massimo Conversano: schede su misura in studio privato.\" \/>\n<meta name=\"robots\" content=\"noindex, follow, max-snippet:-1, max-image-preview:large, max-video-preview:-1\" \/>\n<meta property=\"og:locale\" content=\"it_IT\" \/>\n<meta property=\"og:type\" content=\"article\" \/>\n<meta property=\"og:title\" content=\"Personal Trainer a San Mauro Torinese | Centro Estetico Mya - stg120326\" \/>\n<meta property=\"og:description\" content=\"Allena corpo e mente al Centro Estetico Mya di San Mauro Torinese. Personal trainer Massimo Conversano: schede su misura in studio privato.\" \/>\n<meta property=\"og:url\" content=\"https:\/\/www.esteticamya.it\/stg120326\/servizio-personal-training\/\" \/>\n<meta property=\"og:site_name\" content=\"stg120326\" \/>\n<meta property=\"article:publisher\" content=\"https:\/\/www.facebook.com\/EsteticaMyaSanMauroTorinese\" \/>\n<meta property=\"article:modified_time\" content=\"2026-03-05T14:20:19+00:00\" \/>\n<meta property=\"og:image\" content=\"https:\/\/www.esteticamya.it\/stg120326\/wp-content\/uploads\/2022\/04\/massimo_def2-e1674374913284.jpg\" \/>\n\t<meta property=\"og:image:width\" content=\"600\" \/>\n\t<meta property=\"og:image:height\" content=\"542\" \/>\n\t<meta property=\"og:image:type\" content=\"image\/jpeg\" \/>\n<meta name=\"twitter:card\" content=\"summary_large_image\" \/>\n<meta name=\"twitter:label1\" content=\"Tempo di lettura stimato\" \/>\n\t<meta name=\"twitter:data1\" content=\"1 minuto\" \/>\n<script type=\"application\/ld+json\" class=\"yoast-schema-graph\">{\"@context\":\"https:\/\/schema.org\",\"@graph\":[{\"@type\":\"WebPage\",\"@id\":\"https:\/\/www.esteticamya.it\/stg120326\/servizio-personal-training\/\",\"url\":\"https:\/\/www.esteticamya.it\/stg120326\/servizio-personal-training\/\",\"name\":\"Personal Trainer a San Mauro Torinese | Centro Estetico Mya - stg120326\",\"isPartOf\":{\"@id\":\"https:\/\/www.esteticamya.it\/stg120326\/#website\"},\"primaryImageOfPage\":{\"@id\":\"https:\/\/www.esteticamya.it\/stg120326\/servizio-personal-training\/#primaryimage\"},\"image\":{\"@id\":\"https:\/\/www.esteticamya.it\/stg120326\/servizio-personal-training\/#primaryimage\"},\"thumbnailUrl\":\"https:\/\/www.esteticamya.it\/stg120326\/wp-content\/uploads\/2022\/04\/massimo_def2-e1674374913284.jpg\",\"datePublished\":\"2022-04-28T15:19:38+00:00\",\"dateModified\":\"2026-03-05T14:20:19+00:00\",\"description\":\"Allena corpo e mente al Centro Estetico Mya di San Mauro Torinese. Personal trainer Massimo Conversano: schede su misura in studio privato.\",\"breadcrumb\":{\"@id\":\"https:\/\/www.esteticamya.it\/stg120326\/servizio-personal-training\/#breadcrumb\"},\"inLanguage\":\"it-IT\",\"potentialAction\":[{\"@type\":\"ReadAction\",\"target\":[\"https:\/\/www.esteticamya.it\/stg120326\/servizio-personal-training\/\"]}]},{\"@type\":\"ImageObject\",\"inLanguage\":\"it-IT\",\"@id\":\"https:\/\/www.esteticamya.it\/stg120326\/servizio-personal-training\/#primaryimage\",\"url\":\"https:\/\/www.esteticamya.it\/stg120326\/wp-content\/uploads\/2022\/04\/massimo_def2-e1674374913284.jpg\",\"contentUrl\":\"https:\/\/www.esteticamya.it\/stg120326\/wp-content\/uploads\/2022\/04\/massimo_def2-e1674374913284.jpg\",\"width\":600,\"height\":542,\"caption\":\"Massimo Conversano Personal Trainer\"},{\"@type\":\"BreadcrumbList\",\"@id\":\"https:\/\/www.esteticamya.it\/stg120326\/servizio-personal-training\/#breadcrumb\",\"itemListElement\":[{\"@type\":\"ListItem\",\"position\":1,\"name\":\"Home\",\"item\":\"https:\/\/www.esteticamya.it\/stg120326\/\"},{\"@type\":\"ListItem\",\"position\":2,\"name\":\"Personal Trainer a San Mauro Torinese | Centro Estetico Mya\"}]},{\"@type\":\"WebSite\",\"@id\":\"https:\/\/www.esteticamya.it\/stg120326\/#website\",\"url\":\"https:\/\/www.esteticamya.it\/stg120326\/\",\"name\":\"stg120326\",\"description\":\"Quello che sei a 20 anni \u00e8 merito tuo ... quello che sei a 50 \u00e8 merito di ... Estetica Mya\",\"publisher\":{\"@id\":\"https:\/\/www.esteticamya.it\/stg120326\/#organization\"},\"potentialAction\":[{\"@type\":\"SearchAction\",\"target\":{\"@type\":\"EntryPoint\",\"urlTemplate\":\"https:\/\/www.esteticamya.it\/stg120326\/?s={search_term_string}\"},\"query-input\":{\"@type\":\"PropertyValueSpecification\",\"valueRequired\":true,\"valueName\":\"search_term_string\"}}],\"inLanguage\":\"it-IT\"},{\"@type\":\"Organization\",\"@id\":\"https:\/\/www.esteticamya.it\/stg120326\/#organization\",\"name\":\"Estetica Mya\",\"url\":\"https:\/\/www.esteticamya.it\/stg120326\/\",\"logo\":{\"@type\":\"ImageObject\",\"inLanguage\":\"it-IT\",\"@id\":\"https:\/\/www.esteticamya.it\/stg120326\/#\/schema\/logo\/image\/\",\"url\":\"https:\/\/www.esteticamya.it\/stg120326\/wp-content\/uploads\/2022\/04\/logo-estetica-mya_youtube.jpg\",\"contentUrl\":\"https:\/\/www.esteticamya.it\/stg120326\/wp-content\/uploads\/2022\/04\/logo-estetica-mya_youtube.jpg\",\"width\":612,\"height\":612,\"caption\":\"Estetica Mya\"},\"image\":{\"@id\":\"https:\/\/www.esteticamya.it\/stg120326\/#\/schema\/logo\/image\/\"},\"sameAs\":[\"https:\/\/www.facebook.com\/EsteticaMyaSanMauroTorinese\",\"https:\/\/www.instagram.com\/esteticamya\/\",\"https:\/\/www.youtube.com\/channel\/UCZXIE1AFcElXtGnuH0rC-3A\"]}]}<\/script>\n<!-- \/ Yoast SEO plugin. -->","yoast_head_json":{"title":"Personal Trainer a San Mauro Torinese | Centro Estetico Mya - stg120326","description":"Allena corpo e mente al Centro Estetico Mya di San Mauro Torinese. Personal trainer Massimo Conversano: schede su misura in studio privato.","robots":{"index":"noindex","follow":"follow","max-snippet":"max-snippet:-1","max-image-preview":"max-image-preview:large","max-video-preview":"max-video-preview:-1"},"og_locale":"it_IT","og_type":"article","og_title":"Personal Trainer a San Mauro Torinese | Centro Estetico Mya - stg120326","og_description":"Allena corpo e mente al Centro Estetico Mya di San Mauro Torinese. Personal trainer Massimo Conversano: schede su misura in studio privato.","og_url":"https:\/\/www.esteticamya.it\/stg120326\/servizio-personal-training\/","og_site_name":"stg120326","article_publisher":"https:\/\/www.facebook.com\/EsteticaMyaSanMauroTorinese","article_modified_time":"2026-03-05T14:20:19+00:00","og_image":[{"width":600,"height":542,"url":"https:\/\/www.esteticamya.it\/stg120326\/wp-content\/uploads\/2022\/04\/massimo_def2-e1674374913284.jpg","type":"image\/jpeg"}],"twitter_card":"summary_large_image","twitter_misc":{"Tempo di lettura stimato":"1 minuto"},"schema":{"@context":"https:\/\/schema.org","@graph":[{"@type":"WebPage","@id":"https:\/\/www.esteticamya.it\/stg120326\/servizio-personal-training\/","url":"https:\/\/www.esteticamya.it\/stg120326\/servizio-personal-training\/","name":"Personal Trainer a San Mauro Torinese | Centro Estetico Mya - stg120326","isPartOf":{"@id":"https:\/\/www.esteticamya.it\/stg120326\/#website"},"primaryImageOfPage":{"@id":"https:\/\/www.esteticamya.it\/stg120326\/servizio-personal-training\/#primaryimage"},"image":{"@id":"https:\/\/www.esteticamya.it\/stg120326\/servizio-personal-training\/#primaryimage"},"thumbnailUrl":"https:\/\/www.esteticamya.it\/stg120326\/wp-content\/uploads\/2022\/04\/massimo_def2-e1674374913284.jpg","datePublished":"2022-04-28T15:19:38+00:00","dateModified":"2026-03-05T14:20:19+00:00","description":"Allena corpo e mente al Centro Estetico Mya di San Mauro Torinese. Personal trainer Massimo Conversano: schede su misura in studio privato.","breadcrumb":{"@id":"https:\/\/www.esteticamya.it\/stg120326\/servizio-personal-training\/#breadcrumb"},"inLanguage":"it-IT","potentialAction":[{"@type":"ReadAction","target":["https:\/\/www.esteticamya.it\/stg120326\/servizio-personal-training\/"]}]},{"@type":"ImageObject","inLanguage":"it-IT","@id":"https:\/\/www.esteticamya.it\/stg120326\/servizio-personal-training\/#primaryimage","url":"https:\/\/www.esteticamya.it\/stg120326\/wp-content\/uploads\/2022\/04\/massimo_def2-e1674374913284.jpg","contentUrl":"https:\/\/www.esteticamya.it\/stg120326\/wp-content\/uploads\/2022\/04\/massimo_def2-e1674374913284.jpg","width":600,"height":542,"caption":"Massimo Conversano Personal Trainer"},{"@type":"BreadcrumbList","@id":"https:\/\/www.esteticamya.it\/stg120326\/servizio-personal-training\/#breadcrumb","itemListElement":[{"@type":"ListItem","position":1,"name":"Home","item":"https:\/\/www.esteticamya.it\/stg120326\/"},{"@type":"ListItem","position":2,"name":"Personal Trainer a San Mauro Torinese | Centro Estetico Mya"}]},{"@type":"WebSite","@id":"https:\/\/www.esteticamya.it\/stg120326\/#website","url":"https:\/\/www.esteticamya.it\/stg120326\/","name":"stg120326","description":"Quello che sei a 20 anni \u00e8 merito tuo ... quello che sei a 50 \u00e8 merito di ... Estetica Mya","publisher":{"@id":"https:\/\/www.esteticamya.it\/stg120326\/#organization"},"potentialAction":[{"@type":"SearchAction","target":{"@type":"EntryPoint","urlTemplate":"https:\/\/www.esteticamya.it\/stg120326\/?s={search_term_string}"},"query-input":{"@type":"PropertyValueSpecification","valueRequired":true,"valueName":"search_term_string"}}],"inLanguage":"it-IT"},{"@type":"Organization","@id":"https:\/\/www.esteticamya.it\/stg120326\/#organization","name":"Estetica Mya","url":"https:\/\/www.esteticamya.it\/stg120326\/","logo":{"@type":"ImageObject","inLanguage":"it-IT","@id":"https:\/\/www.esteticamya.it\/stg120326\/#\/schema\/logo\/image\/","url":"https:\/\/www.esteticamya.it\/stg120326\/wp-content\/uploads\/2022\/04\/logo-estetica-mya_youtube.jpg","contentUrl":"https:\/\/www.esteticamya.it\/stg120326\/wp-content\/uploads\/2022\/04\/logo-estetica-mya_youtube.jpg","width":612,"height":612,"caption":"Estetica Mya"},"image":{"@id":"https:\/\/www.esteticamya.it\/stg120326\/#\/schema\/logo\/image\/"},"sameAs":["https:\/\/www.facebook.com\/EsteticaMyaSanMauroTorinese","https:\/\/www.instagram.com\/esteticamya\/","https:\/\/www.youtube.com\/channel\/UCZXIE1AFcElXtGnuH0rC-3A"]}]}},"_links":{"self":[{"href":"https:\/\/www.esteticamya.it\/stg120326\/wp-json\/wp\/v2\/pages\/975","targetHints":{"allow":["GET"]}}],"collection":[{"href":"https:\/\/www.esteticamya.it\/stg120326\/wp-json\/wp\/v2\/pages"}],"about":[{"href":"https:\/\/www.esteticamya.it\/stg120326\/wp-json\/wp\/v2\/types\/page"}],"author":[{"embeddable":true,"href":"https:\/\/www.esteticamya.it\/stg120326\/wp-json\/wp\/v2\/users\/1"}],"replies":[{"embeddable":true,"href":"https:\/\/www.esteticamya.it\/stg120326\/wp-json\/wp\/v2\/comments?post=975"}],"version-history":[{"count":4,"href":"https:\/\/www.esteticamya.it\/stg120326\/wp-json\/wp\/v2\/pages\/975\/revisions"}],"predecessor-version":[{"id":3717,"href":"https:\/\/www.esteticamya.it\/stg120326\/wp-json\/wp\/v2\/pages\/975\/revisions\/3717"}],"wp:attachment":[{"href":"https:\/\/www.esteticamya.it\/stg120326\/wp-json\/wp\/v2\/media?parent=975"}],"curies":[{"name":"wp","href":"https:\/\/api.w.org\/{rel}","templated":true}]}}